{"id":18,"date":"2014-02-13T03:35:12","date_gmt":"2014-02-13T03:35:12","guid":{"rendered":"http:\/\/esuma.mobilizeme.ca\/?page_id=18"},"modified":"2022-02-18T16:19:20","modified_gmt":"2022-02-18T21:19:20","slug":"about-us","status":"publish","type":"page","link":"https:\/\/esuma.ca\/fr\/about-us\/","title":{"rendered":"\u00c0 propos de nous"},"content":{"rendered":"<p><\/p>\n<div id=\"about-us\" class=\"content-wrap\">\n<div class=\"content\">\n<div class=\"cycle\">\n<div class=\"triangle-wrap\">\n<div class=\"triangle\">\n<div class=\"triangle-inside\">\n<div class=\"triangle-contain\">\n<div class=\"triangle-content\">\n<div class=\"back\">\n\t\t\t\t\t\t\t\t    <a href=\"#\" class=\"plus popup-link\"><\/a><\/p>\n<div class=\"sub-title-body\"><a href=\"#\" class=\"popup-link\">FAITES<br \/>UNE<br \/>DIFF\u00c9RENCE<\/a><\/div>\n<\/p><\/div>\n<\/p><\/div>\n<\/p><\/div>\n<\/p><\/div>\n<\/p><\/div>\n<\/p><\/div>\n<\/p><\/div>\n<div class=\"content-main\">\n<h1 class=\"title\">\u00c0 PROPOS DE <br \/>NOUS<\/h1>\n<h2 class=\"sub-title\">Contexte<\/h2>\n<div class=\"line\">\n<div class=\"out\"><\/div>\n<div class=\"in\"><\/div>\n<\/p><\/div>\n<div class=\"body-text\">\n                L&rsquo;\u00e9ducation a \u00e9t\u00e9 identifi\u00e9e comme la cl\u00e9 de la r\u00e9duction de la pauvret\u00e9 \u00e0 long terme au Nunavik. En r\u00e9ponse \u00e0 cela, l&rsquo;ARK a cr\u00e9\u00e9 le programme ESUMA par l&rsquo;interm\u00e9diaire de son service de l&#8217;emploi durable. Cette initiative est financ\u00e9e par le minist\u00e8re de l&rsquo;Emploi et de la Solidarit\u00e9 sociale (MESS) et le minist\u00e8re de l&rsquo;\u00c9ducation et de l&rsquo;Enseignement sup\u00e9rieur (MEES) afin de soutenir les actions en lutte contre la pauvret\u00e9 et l&rsquo;exclusion sociale.\n            <\/div>\n<h2 class=\"sub-title\">Mission<\/h2>\n<div class=\"line\">\n<div class=\"out\"><\/div>\n<div class=\"in\"><\/div>\n<\/p><\/div>\n<div class=\"body-text\">\n                Notre mission est de cr\u00e9er une synergie \u00e0 l&rsquo;\u00e9chelle du Nunavik et de renforcer les actions autour de l&rsquo;\u00e9ducation pour tous les apprenants afin qu\u2019ils pers\u00e9v\u00e8rent pour atteindre leurs objectifs.\n            <\/div>\n<h2 class=\"sub-title\">Mandat<\/h2>\n<div class=\"line\">\n<div class=\"out\"><\/div>\n<div class=\"in\"><\/div>\n<\/p><\/div>\n<div class=\"body-text\">\n                L&rsquo;ESUMA est une table de concertation sur la pers\u00e9v\u00e9rance scolaire au Nunavik dont le mandat est de: <\/p>\n<ul>\n<li>Contribuer \u00e0 augmenter le taux de diplomation des \u00e9tudiants<\/li>\n<li>Offrir aux Nunavimmiut un soutien pour leur permettre de d\u00e9velopper leur plein potentiel.<\/li>\n<\/ul><\/div>\n<h2 class=\"sub-title\">Membres<\/h2>\n<div class=\"line\">\n<div class=\"out\"><\/div>\n<div class=\"in\"><\/div>\n<\/p><\/div>\n<div class=\"body-text\">\n<ol class=\"acx-partners-logos\" style=\"line-height:3;\">\n<li><a href=\"https:\/\/nrbhss.ca\/\" target=\"_blank\" rel=\"noopener\"><img decoding=\"async\" src=\"https:\/\/esuma.ca\/wp-content\/uploads\/2022\/02\/Nunavik-Regional-Board-of-Health-and-Social-Services.png\" alt=\"logo\" \/>R\u00e9gie r\u00e9gionale de la sant\u00e9 et des services sociaux Nunavik<\/a><\/li>\n<li><a href=\"https:\/\/www.kativik.qc.ca\/en\/\" target=\"_blank\" rel=\"noopener\"><img decoding=\"async\" src=\"https:\/\/esuma.ca\/wp-content\/uploads\/2022\/02\/Kativik-School-Board.png\" alt=\"logo\" \/>Commission scolaire Kativik<\/a><\/li>\n<li><img decoding=\"async\" src=\"https:\/\/esuma.ca\/wp-content\/uploads\/2022\/02\/Northern-Quebec-Employees-Association.png\" alt=\"logo\" \/>Association des employ\u00e9s du Nord qu\u00e9b\u00e9cois<\/li>\n<li><a href=\"http:\/\/krg.ca\/\" target=\"_blank\" rel=\"noopener\"><img decoding=\"async\" src=\"https:\/\/esuma.ca\/wp-content\/uploads\/2022\/02\/Kativik-Regional-Government.png\" alt=\"logo\" \/>Administration r\u00e9gionale Kativik<\/a><\/li>\n<li><a href=\"https:\/\/www.glencore.ca\/en\/raglan\/\" target=\"_blank\" rel=\"noopener\"><img decoding=\"async\" src=\"https:\/\/esuma.ca\/wp-content\/uploads\/2022\/02\/Glencore-Raglan-Mines.png\" alt=\"logo\" \/>Glencore, Raglan Mines<\/a><\/li>\n<li><a href=\"https:\/\/www.nunavikchildcare.ca\/en\/\" target=\"_blank\" rel=\"noopener\"><img decoding=\"async\" src=\"https:\/\/esuma.ca\/wp-content\/uploads\/2022\/02\/Child-Care-Section.png\" alt=\"logo\" \/>Section des services de garde \u00e0 l\u2019enfance<\/a><\/li>\n<li><a href=\"https:\/\/yesnunavik.com\/\" target=\"_blank\" rel=\"noopener\"><img decoding=\"async\" src=\"https:\/\/esuma.ca\/wp-content\/uploads\/2022\/02\/Carrefour-jeunesse-emploi-Nunavik.png\" alt=\"logo\" \/>Carrefour jeunesse-emploi Nunavik<\/a><\/li>\n<li><a href=\"https:\/\/www.tni-rtn.com\/\" target=\"_blank\" rel=\"noopener\"><img decoding=\"async\" src=\"https:\/\/esuma.ca\/wp-content\/uploads\/2022\/02\/Taqramiut-Nipingat-Inc.png\" alt=\"logo\" \/>Taqramiut Nipingat Inc<\/a><\/li>\n<li><a href=\"https:\/\/www.makivik.org\/\" target=\"_blank\" rel=\"noopener\"><img decoding=\"async\" src=\"https:\/\/esuma.ca\/wp-content\/uploads\/2022\/02\/Makivik-Corporation.png\" alt=\"logo\" \/>Soci\u00e9t\u00e9 Makivik<\/a><\/li>\n<li><a href=\"https:\/\/www.canadianroyalties.com\/\" target=\"_blank\" rel=\"noopener\"><img decoding=\"async\" src=\"https:\/\/esuma.ca\/wp-content\/uploads\/2022\/02\/Canadian-Royalties-Inc.png\" alt=\"logo\" \/>Canadian Royalties Inc<\/a><\/li>\n<\/ol><\/div>\n<\/p><\/div>\n<p>        <!--\n\n<h2 class=\"sub-title\">Partners<\/h2>\n\n\n        \n\n<div class=\"line\">\n\t\t    \n\n<div class=\"out\"><\/div>\n\n\n            \n\n<div class=\"in\"><\/div>\n\n\n        <\/div>\n\n\n        \n\n<div id=\"partners\">\n            \n\n<div class=\"partner-logo\"><img decoding=\"async\" src=\"https:\/\/esuma.ca\/wp-content\/uploads\/2022\/02\/logo-placeholder.jpg\" alt=\"Logo\"\/><\/div>\n\n\n            \n\n<div class=\"partner-logo\"><img decoding=\"async\" src=\"https:\/\/esuma.ca\/wp-content\/uploads\/2022\/02\/logo-placeholder.jpg\" alt=\"Logo\"\/><\/div>\n\n\n            \n\n<div class=\"partner-logo\"><img decoding=\"async\" src=\"https:\/\/esuma.ca\/wp-content\/uploads\/2022\/02\/logo-placeholder.jpg\" alt=\"Logo\"\/><\/div>\n\n\n            \n\n<div class=\"partner-logo\"><img decoding=\"async\" src=\"https:\/\/esuma.ca\/wp-content\/uploads\/2022\/02\/logo-placeholder.jpg\" alt=\"Logo\"\/><\/div>\n\n\n            \n\n<div class=\"partner-logo\"><img decoding=\"async\" src=\"https:\/\/esuma.ca\/wp-content\/uploads\/2022\/02\/logo-placeholder.jpg\" alt=\"Logo\"\/><\/div>\n\n\n            \n\n<div class=\"partner-logo\"><img decoding=\"async\" src=\"https:\/\/esuma.ca\/wp-content\/uploads\/2022\/02\/logo-placeholder.jpg\" alt=\"Logo\"\/><\/div>\n\n\n            \n\n<div class=\"partner-logo\"><img decoding=\"async\" src=\"https:\/\/esuma.ca\/wp-content\/uploads\/2022\/02\/logo-placeholder.jpg\" alt=\"Logo\"\/><\/div>\n\n\n            \n\n<div class=\"partner-logo\"><img decoding=\"async\" src=\"https:\/\/esuma.ca\/wp-content\/uploads\/2022\/02\/logo-placeholder.jpg\" alt=\"Logo\"\/><\/div>\n\n\n            \n\n<div class=\"partner-logo\"><img decoding=\"async\" src=\"https:\/\/esuma.ca\/wp-content\/uploads\/2022\/02\/logo-placeholder.jpg\" alt=\"Logo\"\/><\/div>\n\n\n            \n\n<div class=\"partner-logo\"><img decoding=\"async\" src=\"https:\/\/esuma.ca\/wp-content\/uploads\/2022\/02\/logo-placeholder.jpg\" alt=\"Logo\"\/><\/div>\n\n\n\t    <\/div>\n\n--><br \/>\n        <a href=\"#\/\" class=\"send-postcard-link\">Lien vers la brochure<\/a>\n    <\/div>\n<\/div>\n<p><\/p>","protected":false},"excerpt":{"rendered":"<p>FAITESUNEDIFF\u00c9RENCE \u00c0 PROPOS DE NOUS Contexte L&rsquo;\u00e9ducation a \u00e9t\u00e9 identifi\u00e9e comme la cl\u00e9 de la r\u00e9duction de la pauvret\u00e9 \u00e0 long terme au Nunavik. En r\u00e9ponse \u00e0 cela, l&rsquo;ARK a cr\u00e9\u00e9 le programme ESUMA par l&rsquo;interm\u00e9diaire de son service de l&#8217;emploi durable. Cette initiative est financ\u00e9e par le minist\u00e8re de l&rsquo;Emploi et de la Solidarit\u00e9 [&hellip;]<\/p>\n","protected":false},"author":3,"featured_media":0,"parent":0,"menu_order":1,"comment_status":"open","ping_status":"open","template":"","meta":{"_et_pb_use_builder":"","_et_pb_old_content":"","_et_gb_content_width":"","footnotes":""},"class_list":["post-18","page","type-page","status-publish","hentry"],"yoast_head":"<!-- This site is optimized with the Yoast SEO plugin v27.3 - https:\/\/yoast.com\/product\/yoast-seo-wordpress\/ -->\n<title>\u00c0 propos de nous - ESUMA<\/title>\n<meta name=\"robots\" content=\"index, follow, max-snippet:-1, max-image-preview:large, max-video-preview:-1\" \/>\n<link rel=\"canonical\" href=\"https:\/\/esuma.ca\/about-us\/\" \/>\n<meta property=\"og:locale\" content=\"fr_FR\" \/>\n<meta property=\"og:type\" content=\"article\" \/>\n<meta property=\"og:title\" content=\"\u00c0 propos de nous - ESUMA\" \/>\n<meta property=\"og:description\" content=\"FAITESUNEDIFF\u00c9RENCE \u00c0 PROPOS DE NOUS Contexte L&rsquo;\u00e9ducation a \u00e9t\u00e9 identifi\u00e9e comme la cl\u00e9 de la r\u00e9duction de la pauvret\u00e9 \u00e0 long terme au Nunavik. En r\u00e9ponse \u00e0 cela, l&rsquo;ARK a cr\u00e9\u00e9 le programme ESUMA par l&rsquo;interm\u00e9diaire de son service de l&#8217;emploi durable. Cette initiative est financ\u00e9e par le minist\u00e8re de l&rsquo;Emploi et de la Solidarit\u00e9 [&hellip;]\" \/>\n<meta property=\"og:url\" content=\"https:\/\/esuma.ca\/about-us\/\" \/>\n<meta property=\"og:site_name\" content=\"ESUMA\" \/>\n<meta property=\"article:modified_time\" content=\"2022-02-18T21:19:20+00:00\" \/>\n<meta property=\"og:image\" content=\"https:\/\/esuma.ca\/wp-content\/uploads\/2022\/02\/Nunavik-Regional-Board-of-Health-and-Social-Services.png\" \/>\n<meta name=\"twitter:card\" content=\"summary_large_image\" \/>\n<meta name=\"twitter:label1\" content=\"Dur\u00e9e de lecture estim\u00e9e\" \/>\n\t<meta name=\"twitter:data1\" content=\"2 minutes\" \/>\n<script type=\"application\/ld+json\" class=\"yoast-schema-graph\">{\"@context\":\"https:\\\/\\\/schema.org\",\"@graph\":[{\"@type\":\"WebPage\",\"@id\":\"https:\\\/\\\/esuma.ca\\\/about-us\\\/\",\"url\":\"https:\\\/\\\/esuma.ca\\\/about-us\\\/\",\"name\":\"\u00c0 propos de nous - ESUMA\",\"isPartOf\":{\"@id\":\"https:\\\/\\\/esuma.ca\\\/#website\"},\"primaryImageOfPage\":{\"@id\":\"https:\\\/\\\/esuma.ca\\\/about-us\\\/#primaryimage\"},\"image\":{\"@id\":\"https:\\\/\\\/esuma.ca\\\/about-us\\\/#primaryimage\"},\"thumbnailUrl\":\"https:\\\/\\\/esuma.ca\\\/wp-content\\\/uploads\\\/2022\\\/02\\\/Nunavik-Regional-Board-of-Health-and-Social-Services.png\",\"datePublished\":\"2014-02-13T03:35:12+00:00\",\"dateModified\":\"2022-02-18T21:19:20+00:00\",\"breadcrumb\":{\"@id\":\"https:\\\/\\\/esuma.ca\\\/about-us\\\/#breadcrumb\"},\"inLanguage\":\"fr-FR\",\"potentialAction\":[{\"@type\":\"ReadAction\",\"target\":[\"https:\\\/\\\/esuma.ca\\\/about-us\\\/\"]}]},{\"@type\":\"ImageObject\",\"inLanguage\":\"fr-FR\",\"@id\":\"https:\\\/\\\/esuma.ca\\\/about-us\\\/#primaryimage\",\"url\":\"https:\\\/\\\/esuma.ca\\\/wp-content\\\/uploads\\\/2022\\\/02\\\/Nunavik-Regional-Board-of-Health-and-Social-Services.png\",\"contentUrl\":\"https:\\\/\\\/esuma.ca\\\/wp-content\\\/uploads\\\/2022\\\/02\\\/Nunavik-Regional-Board-of-Health-and-Social-Services.png\"},{\"@type\":\"BreadcrumbList\",\"@id\":\"https:\\\/\\\/esuma.ca\\\/about-us\\\/#breadcrumb\",\"itemListElement\":[{\"@type\":\"ListItem\",\"position\":1,\"name\":\"Home\",\"item\":\"https:\\\/\\\/esuma.ca\\\/\"},{\"@type\":\"ListItem\",\"position\":2,\"name\":\"About Us\"}]},{\"@type\":\"WebSite\",\"@id\":\"https:\\\/\\\/esuma.ca\\\/#website\",\"url\":\"https:\\\/\\\/esuma.ca\\\/\",\"name\":\"ESUMA\",\"description\":\"Thinking around education\",\"potentialAction\":[{\"@type\":\"SearchAction\",\"target\":{\"@type\":\"EntryPoint\",\"urlTemplate\":\"https:\\\/\\\/esuma.ca\\\/?s={search_term_string}\"},\"query-input\":{\"@type\":\"PropertyValueSpecification\",\"valueRequired\":true,\"valueName\":\"search_term_string\"}}],\"inLanguage\":\"fr-FR\"}]}<\/script>\n<!-- \/ Yoast SEO plugin. -->","yoast_head_json":{"title":"\u00c0 propos de nous - ESUMA","robots":{"index":"index","follow":"follow","max-snippet":"max-snippet:-1","max-image-preview":"max-image-preview:large","max-video-preview":"max-video-preview:-1"},"canonical":"https:\/\/esuma.ca\/about-us\/","og_locale":"fr_FR","og_type":"article","og_title":"\u00c0 propos de nous - ESUMA","og_description":"FAITESUNEDIFF\u00c9RENCE \u00c0 PROPOS DE NOUS Contexte L&rsquo;\u00e9ducation a \u00e9t\u00e9 identifi\u00e9e comme la cl\u00e9 de la r\u00e9duction de la pauvret\u00e9 \u00e0 long terme au Nunavik. En r\u00e9ponse \u00e0 cela, l&rsquo;ARK a cr\u00e9\u00e9 le programme ESUMA par l&rsquo;interm\u00e9diaire de son service de l&#8217;emploi durable. Cette initiative est financ\u00e9e par le minist\u00e8re de l&rsquo;Emploi et de la Solidarit\u00e9 [&hellip;]","og_url":"https:\/\/esuma.ca\/about-us\/","og_site_name":"ESUMA","article_modified_time":"2022-02-18T21:19:20+00:00","og_image":[{"url":"https:\/\/esuma.ca\/wp-content\/uploads\/2022\/02\/Nunavik-Regional-Board-of-Health-and-Social-Services.png","type":"","width":"","height":""}],"twitter_card":"summary_large_image","twitter_misc":{"Dur\u00e9e de lecture estim\u00e9e":"2 minutes"},"schema":{"@context":"https:\/\/schema.org","@graph":[{"@type":"WebPage","@id":"https:\/\/esuma.ca\/about-us\/","url":"https:\/\/esuma.ca\/about-us\/","name":"\u00c0 propos de nous - ESUMA","isPartOf":{"@id":"https:\/\/esuma.ca\/#website"},"primaryImageOfPage":{"@id":"https:\/\/esuma.ca\/about-us\/#primaryimage"},"image":{"@id":"https:\/\/esuma.ca\/about-us\/#primaryimage"},"thumbnailUrl":"https:\/\/esuma.ca\/wp-content\/uploads\/2022\/02\/Nunavik-Regional-Board-of-Health-and-Social-Services.png","datePublished":"2014-02-13T03:35:12+00:00","dateModified":"2022-02-18T21:19:20+00:00","breadcrumb":{"@id":"https:\/\/esuma.ca\/about-us\/#breadcrumb"},"inLanguage":"fr-FR","potentialAction":[{"@type":"ReadAction","target":["https:\/\/esuma.ca\/about-us\/"]}]},{"@type":"ImageObject","inLanguage":"fr-FR","@id":"https:\/\/esuma.ca\/about-us\/#primaryimage","url":"https:\/\/esuma.ca\/wp-content\/uploads\/2022\/02\/Nunavik-Regional-Board-of-Health-and-Social-Services.png","contentUrl":"https:\/\/esuma.ca\/wp-content\/uploads\/2022\/02\/Nunavik-Regional-Board-of-Health-and-Social-Services.png"},{"@type":"BreadcrumbList","@id":"https:\/\/esuma.ca\/about-us\/#breadcrumb","itemListElement":[{"@type":"ListItem","position":1,"name":"Home","item":"https:\/\/esuma.ca\/"},{"@type":"ListItem","position":2,"name":"About Us"}]},{"@type":"WebSite","@id":"https:\/\/esuma.ca\/#website","url":"https:\/\/esuma.ca\/","name":"ESUMA","description":"Thinking around education","potentialAction":[{"@type":"SearchAction","target":{"@type":"EntryPoint","urlTemplate":"https:\/\/esuma.ca\/?s={search_term_string}"},"query-input":{"@type":"PropertyValueSpecification","valueRequired":true,"valueName":"search_term_string"}}],"inLanguage":"fr-FR"}]}},"_links":{"self":[{"href":"https:\/\/esuma.ca\/fr\/wp-json\/wp\/v2\/pages\/18","targetHints":{"allow":["GET"]}}],"collection":[{"href":"https:\/\/esuma.ca\/fr\/wp-json\/wp\/v2\/pages"}],"about":[{"href":"https:\/\/esuma.ca\/fr\/wp-json\/wp\/v2\/types\/page"}],"author":[{"embeddable":true,"href":"https:\/\/esuma.ca\/fr\/wp-json\/wp\/v2\/users\/3"}],"replies":[{"embeddable":true,"href":"https:\/\/esuma.ca\/fr\/wp-json\/wp\/v2\/comments?post=18"}],"version-history":[{"count":5,"href":"https:\/\/esuma.ca\/fr\/wp-json\/wp\/v2\/pages\/18\/revisions"}],"predecessor-version":[{"id":1168,"href":"https:\/\/esuma.ca\/fr\/wp-json\/wp\/v2\/pages\/18\/revisions\/1168"}],"wp:attachment":[{"href":"https:\/\/esuma.ca\/fr\/wp-json\/wp\/v2\/media?parent=18"}],"curies":[{"name":"wp","href":"https:\/\/api.w.org\/{rel}","templated":true}]}}