{"id":242,"date":"2014-03-13T04:43:26","date_gmt":"2014-03-13T04:43:26","guid":{"rendered":"http:\/\/esuma.mobilizeme.ca\/?page_id=242"},"modified":"2020-10-16T15:30:51","modified_gmt":"2020-10-16T15:30:51","slug":"call-projects","status":"publish","type":"page","link":"https:\/\/esuma.ca\/fr\/call-projects\/","title":{"rendered":"Appel de projets"},"content":{"rendered":"<p><\/p>\n<div id=\"call-for-projects\" class=\"content-wrap\">\n<div class=\"top\">\n<div class=\"content\">\n<div class=\"content-main\">\n<h1 class=\"title\">Notre Mission: <span class=\"orange\">Cr\u00e9er une synergie globale au Nunavik et proposer des actions dans le domaine de l\u2019\u00e9ducation afin que tous les \u00e9tudiants pers\u00e9v\u00e8rent dans leur volont\u00e9 de r\u00e9ussir.<\/span><\/h1>\n<\/p><\/div>\n<\/p><\/div>\n<\/p><\/div>\n<div class=\"middle\">\n<div class=\"content\">\n<div class=\"triangle-wrap\"><a href=\"https:\/\/esuma.ca\/wp-content\/uploads\/2014\/03\/Esuma_CallforProjects_fr_02_2014.xls\" download=\"Esuma_CallforProjects_fr_02_2014.xls\"><\/a><\/div>\n<div class=\"content-main\">\n<div class=\"cate\">\n<div class=\"first\">\n<div class=\"title\">Parents<\/div>\n<div class=\"black\">AGISSEZ<\/div>\n<\/p><\/div>\n<div class=\"second\">\n<div class=\"title\">\u00c9tudiants<\/div>\n<div class=\"black\">CR\u00c9EZ <br \/>VOTRE AVENIR<\/div>\n<\/p><\/div>\n<div class=\"third\">\n<div class=\"title\">Communaut\u00e9s<\/div>\n<div class=\"black\">IMPLIQUEZ-VOUS<\/div>\n<\/p><\/div>\n<\/p><\/div>\n<div class=\"sub-title-body\">\n<p>L\u2019appel de propositions est lanc\u00e9! Vous \u00eates invit\u00e9s <br >\u00e0 soumettre d\u00e8s aujourd\u2019hui vos initiatives qui feront une diff\u00e9rence dans votre communaut\u00e9.<\/p>\n<p class=\"bold\">Suivez le mouvement.<\/p>\n<\/p><\/div>\n<\/p><\/div>\n<\/p><\/div>\n<\/p><\/div>\n<div class=\"bottom\">\n<div class=\"content\">\n<div class=\"content-main\">\n<div class=\"w620\">\n<div class=\"sub-title dark\">INVITATION \u00c0 SOUMETTRE DES PROJETS<\/div>\n<div class=\"sub-title normal black\">PROGRAMME POUR LA PERS\u00c9V\u00c9RANCE SCOLAIRE ESUMA<\/div>\n<p class=\"light\">Vous souciez-vous du taux d\u2019obtention de dipl\u00f4me dans votre communaut\u00e9? D\u00e9sirez-vous encourager les jeunes \u00e0 poursuivre leurs \u00e9tudes et \u00eates-vous pr\u00eat \u00e0 apporter votre soutien?<\/p>\n<p class=\"light mt\">Si vous avez r\u00e9pondu par l\u2019affirmative \u00e0 ces questions, nous vous invitons \u00e0 soumettre des projets en vue d\u2019obtenir une aide financi\u00e8re dans le cadre du Programme pour la pers\u00e9v\u00e9rance scolaire Esuma.<\/p>\n<\/p><\/div>\n<ul>\n<li>\n\t\t\t\t\t\t<a href=\"#\" class=\"collapse dark\">Quels genres de projets sont encourag\u00e9s?<\/a><\/p>\n<ul class=\"content\">\n<li>\n\t\t\t\t\t\t\t\t<a href=\"#\" class=\"sub-collapse dark\">Des projets qui favorisent la pers\u00e9v\u00e9rance scolaire de la petite enfance jusqu\u2019\u00e0 l\u2019\u00e9cole secondaire.<\/a><\/p>\n<div class=\"sub-content\"><span class=\"semi-bold\">Exemples: <\/span><span class=\"light\">Conception de m\u00e9canismes pour offrir du soutien; activit\u00e9s d\u2019une demi-journ\u00e9e au CLSC local; r\u00e9daction d\u2019un guide pour aider les parents \u00e0 comprendre le d\u00e9veloppement de l\u2019enfant; mise en \u0153uvre d\u2019initiatives communautaires ciblant les jeunes \u00e0 risque (projets de hip-hop, etc.); soutien individualis\u00e9 offert aux \u00e9l\u00e8ves du secondaire en difficult\u00e9; conception de jeux vid\u00e9o \u00e9ducatifs en ligne; aide aux devoirs; production d\u2019une vid\u00e9o sur la probl\u00e9matique du d\u00e9crochage scolaire; aide aux devoirs en ligne.<\/span><\/div>\n<\/li>\n<li>\n\t\t\t\t\t\t\t\t<a href=\"#\" class=\"sub-collapse dark\">Des projets qui aident les parents et favorisent leur engagement \u00e0 participer \u00e0 l\u2019\u00e9ducation de leurs enfants.<\/a><\/p>\n<div class=\"sub-content\"><span class=\"semi-bold\">Exemples: <\/span><span class=\"light\">Formation de partenariats entre les parents et les \u00e9coles; cours \u00e0 l\u2019intention des parents pour leur apprendre \u00e0 favoriser l\u2019apprentissage de leurs enfants; conf\u00e9rences sur l\u2019aide parentale en compagnie de conf\u00e9renciers et de mod\u00e8les \u00e0 suivre; soutien aux parents qui b\u00e9n\u00e9ficient de l\u2019aide sociale et dont les enfants ne sont pas inscrits dans un centre de la petite enfance; encourager les parents \u00e0 jouer un r\u00f4le de soutien pour les devoirs; r\u00e9daction d\u2019un guide d\u2019activit\u00e9s \u00e0 faire avec les enfants \u00e0 l\u2019intention des parents.<\/span><\/div>\n<\/li>\n<li>\n\t\t\t\t\t\t\t\t<a href=\"#\" class=\"sub-collapse dark\">Des projets qui favorisent des milieux propices \u00e0 l\u2019apprentissage \u00e0 la maison, qui r\u00e9pondent \u00e0 des besoins d\u00e9finis par la communaut\u00e9 ou qui encouragent la pers\u00e9v\u00e9rance des \u00e9l\u00e8ves.<\/a><\/p>\n<div class=\"sub-content\"><span class=\"semi-bold\">Exemples: <\/span><span class=\"light\">\u00c9missions de t\u00e9l\u00e9vision en inuktitut; programmes \u00e9ducatifs; soutien aux parents qui b\u00e9n\u00e9ficient de l\u2019aide sociale et dont les enfants ne sont pas inscrits dans un centre de la petite enfance; promotion de divers emplois et carri\u00e8res; production d\u2019une vid\u00e9o sur les choix de carri\u00e8res; production d\u2019une vid\u00e9o sur des dipl\u00f4m\u00e9s et leur cheminement de carri\u00e8re; production d\u2019annonces pour la radio donnant des renseignements sur des carri\u00e8res.<\/span><\/div>\n<\/li>\n<li>\n\t\t\t\t\t\t\t\t<a href=\"#\" class=\"sub-collapse dark\">Des projets qui appuient un ou plusieurs facteurs favorisant la pers\u00e9v\u00e9rance scolaire (familles, facteurs personnels et environnementaux, communaut\u00e9, \u00e9ducation de la petite enfance, etc.)<\/a><\/p>\n<div class=\"sub-content\"><span class=\"semi-bold\">Exemples: <\/span><span class=\"light\">Heures de conte dans les centres communautaires; activit\u00e9s d\u2019une demi-journ\u00e9e au CLSC local; activit\u00e9s estivales (camps) \u00e0 l\u2019intention des jeunes, ciblant la lecture et le calcul; ateliers sur l\u2019alphab\u00e9tisation et l\u2019aide parentale; r\u00e9daction de livres \u00e0 l\u2019intention des jeunes; enqu\u00eate sur la participation \u00e0 l\u2019\u00e9ducation dans la communaut\u00e9.<\/span><\/div>\n<\/li>\n<\/ul>\n<\/li>\n<li>\n\t\t\t\t\t\t<a href=\"#\" class=\"collapse dark\">Qui peut pr\u00e9senter un projet en vue d\u2019obtenir une aide financi\u00e8re?<\/a><\/p>\n<div class=\"content\">Tout organisme qui a \u00e0 c\u0153ur la pers\u00e9v\u00e9rance scolaire au Nunavik ou qui \u0153uvre dans ce domaine peut soumettre un projet en vue d\u2019obtenir une aide financi\u00e8re.La collaboration entre les organismes et les particuliers \u00e0 l\u2019\u00e9chelle locale est fortement encourag\u00e9e, afin d\u2019aboutir \u00e0 une strat\u00e9gie d\u2019intervention collective.<\/div>\n<\/li>\n<li>\n\t\t\t\t\t\t<a href=\"#\" class=\"collapse dark\">Quel est le niveau de financement offert?<\/a><\/p>\n<div class=\"content\">\n<p>Il est possible d\u2019obtenir une aide financi\u00e8re maximale de 25 000 $. Une aide financi\u00e8re maximale de 100 000 $ peut \u00eatre vers\u00e9e pour des projets ciblant trois communaut\u00e9s ou plus.(Le financement offert dans le cadre du Programme pour la pers\u00e9v\u00e9rance scolaire Esuma peut \u00eatre compl\u00e9mentaire \u00e0 des fonds obtenus d\u2019autres sources.)<\/p>\n<p>Les projets peuvent avoir une dur\u00e9e maximale de 52 semaines et doivent \u00eatre r\u00e9alis\u00e9s entre le 1er avril 2014 et le 31 ao\u00fbt 2015.<\/p>\n<p>Les co\u00fbts li\u00e9s aux infrastructures ou aux activit\u00e9s habituelles de fonctionnement d\u2019un organisme ne sont pas admissibles au financement. Les projets existants ne sont pas non plus admissibles au financement.<\/p>\n<\/p><\/div>\n<\/li>\n<li>\n\t\t\t\t\t\t<a href=\"#\" class=\"collapse dark\">Quelle est la date limite pour soumettre un projet en vue d\u2019obtenir une aide financi\u00e8re?<\/a><\/p>\n<div class=\"content\">\n<p>Le formulaire de demande peut \u00eatre t\u00e9l\u00e9charg\u00e9 \u00e0 l\u2019adresse suivante :<a href=\"https:\/\/www.krg.ca\/fr\/emploi-et-formation\/programmes\" target=\"_blank\" rel=\"noopener noreferrer\">https:\/\/www.krg.ca\/fr\/emploi-et-formation\/programmes<\/a><\/p>\n<p>Le formulaire devrait \u00eatre soumis \u00e0: <a href=\"mailto:projects@esuma.ca\">projects@esuma.ca<\/a> et les demandes seront analys\u00e9es selon le principe du premier arriv\u00e9, premier servi.<\/p>\n<\/p><\/div>\n<\/li>\n<\/ul>\n<div class=\"semi-bold dark tagline\">Renseignements ou questions<\/div>\n<div>Communiquez avec le coordonnateur du Programme pour la pers\u00e9v\u00e9rance scolaire Esuma par courriel au <a href=\"mailto:info@esuma.ca\">info@esuma.ca<\/a><\/div>\n<div id=\"bottom-logo\"><\/div>\n<p>                                <a class=\"download-link\" href=\"https:\/\/esuma.ca\/wp-content\/uploads\/2014\/03\/Esuma_CallforProjects_fr_02_2014.xls\" download=\"Esuma_CallforProjects_fr_02_2014.xls\">T\u00e9l\u00e9charger la version PDF<\/a>\n\t\t\t<\/div>\n<\/p><\/div>\n<\/p><\/div>\n<\/div>\n<p><\/p>","protected":false},"excerpt":{"rendered":"<p>Notre Mission: Cr\u00e9er une synergie globale au Nunavik et proposer des actions dans le domaine de l\u2019\u00e9ducation afin que tous les \u00e9tudiants pers\u00e9v\u00e8rent dans leur volont\u00e9 de r\u00e9ussir. Parents AGISSEZ \u00c9tudiants CR\u00c9EZ VOTRE AVENIR Communaut\u00e9s IMPLIQUEZ-VOUS L\u2019appel de propositions est lanc\u00e9! Vous \u00eates invit\u00e9s \u00e0 soumettre d\u00e8s aujourd\u2019hui vos initiatives qui feront une diff\u00e9rence dans [&hellip;]<\/p>\n","protected":false},"author":3,"featured_media":0,"parent":0,"menu_order":10,"comment_status":"open","ping_status":"open","template":"","meta":{"_et_pb_use_builder":"","_et_pb_old_content":"","_et_gb_content_width":"","footnotes":""},"class_list":["post-242","page","type-page","status-publish","hentry"],"yoast_head":"<!-- This site is optimized with the Yoast SEO plugin v27.5 - https:\/\/yoast.com\/product\/yoast-seo-wordpress\/ -->\n<title>Appel de projets - ESUMA<\/title>\n<meta name=\"robots\" content=\"index, follow, max-snippet:-1, max-image-preview:large, max-video-preview:-1\" \/>\n<link rel=\"canonical\" href=\"https:\/\/esuma.ca\/call-projects\/\" \/>\n<meta property=\"og:locale\" content=\"fr_FR\" \/>\n<meta property=\"og:type\" content=\"article\" \/>\n<meta property=\"og:title\" content=\"Appel de projets - ESUMA\" \/>\n<meta property=\"og:description\" content=\"Notre Mission: Cr\u00e9er une synergie globale au Nunavik et proposer des actions dans le domaine de l\u2019\u00e9ducation afin que tous les \u00e9tudiants pers\u00e9v\u00e8rent dans leur volont\u00e9 de r\u00e9ussir. Parents AGISSEZ \u00c9tudiants CR\u00c9EZ VOTRE AVENIR Communaut\u00e9s IMPLIQUEZ-VOUS L\u2019appel de propositions est lanc\u00e9! Vous \u00eates invit\u00e9s \u00e0 soumettre d\u00e8s aujourd\u2019hui vos initiatives qui feront une diff\u00e9rence dans [&hellip;]\" \/>\n<meta property=\"og:url\" content=\"https:\/\/esuma.ca\/call-projects\/\" \/>\n<meta property=\"og:site_name\" content=\"ESUMA\" \/>\n<meta property=\"article:modified_time\" content=\"2020-10-16T15:30:51+00:00\" \/>\n<meta name=\"twitter:card\" content=\"summary_large_image\" \/>\n<meta name=\"twitter:label1\" content=\"Dur\u00e9e de lecture estim\u00e9e\" \/>\n\t<meta name=\"twitter:data1\" content=\"7 minutes\" \/>\n<script type=\"application\/ld+json\" class=\"yoast-schema-graph\">{\"@context\":\"https:\\\/\\\/schema.org\",\"@graph\":[{\"@type\":\"WebPage\",\"@id\":\"https:\\\/\\\/esuma.ca\\\/call-projects\\\/\",\"url\":\"https:\\\/\\\/esuma.ca\\\/call-projects\\\/\",\"name\":\"Appel de projets - ESUMA\",\"isPartOf\":{\"@id\":\"https:\\\/\\\/esuma.ca\\\/#website\"},\"datePublished\":\"2014-03-13T04:43:26+00:00\",\"dateModified\":\"2020-10-16T15:30:51+00:00\",\"breadcrumb\":{\"@id\":\"https:\\\/\\\/esuma.ca\\\/call-projects\\\/#breadcrumb\"},\"inLanguage\":\"fr-FR\",\"potentialAction\":[{\"@type\":\"ReadAction\",\"target\":[\"https:\\\/\\\/esuma.ca\\\/call-projects\\\/\"]}]},{\"@type\":\"BreadcrumbList\",\"@id\":\"https:\\\/\\\/esuma.ca\\\/call-projects\\\/#breadcrumb\",\"itemListElement\":[{\"@type\":\"ListItem\",\"position\":1,\"name\":\"Home\",\"item\":\"https:\\\/\\\/esuma.ca\\\/\"},{\"@type\":\"ListItem\",\"position\":2,\"name\":\"Call For Projects\"}]},{\"@type\":\"WebSite\",\"@id\":\"https:\\\/\\\/esuma.ca\\\/#website\",\"url\":\"https:\\\/\\\/esuma.ca\\\/\",\"name\":\"ESUMA\",\"description\":\"Thinking around education\",\"potentialAction\":[{\"@type\":\"SearchAction\",\"target\":{\"@type\":\"EntryPoint\",\"urlTemplate\":\"https:\\\/\\\/esuma.ca\\\/?s={search_term_string}\"},\"query-input\":{\"@type\":\"PropertyValueSpecification\",\"valueRequired\":true,\"valueName\":\"search_term_string\"}}],\"inLanguage\":\"fr-FR\"}]}<\/script>\n<!-- \/ Yoast SEO plugin. -->","yoast_head_json":{"title":"Appel de projets - ESUMA","robots":{"index":"index","follow":"follow","max-snippet":"max-snippet:-1","max-image-preview":"max-image-preview:large","max-video-preview":"max-video-preview:-1"},"canonical":"https:\/\/esuma.ca\/call-projects\/","og_locale":"fr_FR","og_type":"article","og_title":"Appel de projets - ESUMA","og_description":"Notre Mission: Cr\u00e9er une synergie globale au Nunavik et proposer des actions dans le domaine de l\u2019\u00e9ducation afin que tous les \u00e9tudiants pers\u00e9v\u00e8rent dans leur volont\u00e9 de r\u00e9ussir. Parents AGISSEZ \u00c9tudiants CR\u00c9EZ VOTRE AVENIR Communaut\u00e9s IMPLIQUEZ-VOUS L\u2019appel de propositions est lanc\u00e9! Vous \u00eates invit\u00e9s \u00e0 soumettre d\u00e8s aujourd\u2019hui vos initiatives qui feront une diff\u00e9rence dans [&hellip;]","og_url":"https:\/\/esuma.ca\/call-projects\/","og_site_name":"ESUMA","article_modified_time":"2020-10-16T15:30:51+00:00","twitter_card":"summary_large_image","twitter_misc":{"Dur\u00e9e de lecture estim\u00e9e":"7 minutes"},"schema":{"@context":"https:\/\/schema.org","@graph":[{"@type":"WebPage","@id":"https:\/\/esuma.ca\/call-projects\/","url":"https:\/\/esuma.ca\/call-projects\/","name":"Appel de projets - ESUMA","isPartOf":{"@id":"https:\/\/esuma.ca\/#website"},"datePublished":"2014-03-13T04:43:26+00:00","dateModified":"2020-10-16T15:30:51+00:00","breadcrumb":{"@id":"https:\/\/esuma.ca\/call-projects\/#breadcrumb"},"inLanguage":"fr-FR","potentialAction":[{"@type":"ReadAction","target":["https:\/\/esuma.ca\/call-projects\/"]}]},{"@type":"BreadcrumbList","@id":"https:\/\/esuma.ca\/call-projects\/#breadcrumb","itemListElement":[{"@type":"ListItem","position":1,"name":"Home","item":"https:\/\/esuma.ca\/"},{"@type":"ListItem","position":2,"name":"Call For Projects"}]},{"@type":"WebSite","@id":"https:\/\/esuma.ca\/#website","url":"https:\/\/esuma.ca\/","name":"ESUMA","description":"Thinking around education","potentialAction":[{"@type":"SearchAction","target":{"@type":"EntryPoint","urlTemplate":"https:\/\/esuma.ca\/?s={search_term_string}"},"query-input":{"@type":"PropertyValueSpecification","valueRequired":true,"valueName":"search_term_string"}}],"inLanguage":"fr-FR"}]}},"_links":{"self":[{"href":"https:\/\/esuma.ca\/fr\/wp-json\/wp\/v2\/pages\/242","targetHints":{"allow":["GET"]}}],"collection":[{"href":"https:\/\/esuma.ca\/fr\/wp-json\/wp\/v2\/pages"}],"about":[{"href":"https:\/\/esuma.ca\/fr\/wp-json\/wp\/v2\/types\/page"}],"author":[{"embeddable":true,"href":"https:\/\/esuma.ca\/fr\/wp-json\/wp\/v2\/users\/3"}],"replies":[{"embeddable":true,"href":"https:\/\/esuma.ca\/fr\/wp-json\/wp\/v2\/comments?post=242"}],"version-history":[{"count":5,"href":"https:\/\/esuma.ca\/fr\/wp-json\/wp\/v2\/pages\/242\/revisions"}],"predecessor-version":[{"id":838,"href":"https:\/\/esuma.ca\/fr\/wp-json\/wp\/v2\/pages\/242\/revisions\/838"}],"wp:attachment":[{"href":"https:\/\/esuma.ca\/fr\/wp-json\/wp\/v2\/media?parent=242"}],"curies":[{"name":"wp","href":"https:\/\/api.w.org\/{rel}","templated":true}]}}