{"id":346,"date":"2015-02-13T10:26:39","date_gmt":"2015-02-13T10:26:39","guid":{"rendered":"http:\/\/esuma.mobilizeme.ca\/?page_id=346"},"modified":"2022-02-16T11:05:14","modified_gmt":"2022-02-16T16:05:14","slug":"ongoing-projects","status":"publish","type":"page","link":"https:\/\/esuma.ca\/fr\/ongoing-projects\/","title":{"rendered":"Projets en cours"},"content":{"rendered":"<p><\/p>\n<div id=\"ongoing-project-page\" class=\"content-wrap\">\n<div class=\"content\">\n<div class=\"content-main\">\n<div class=\"op_content\">\n<div class=\"op_header\">\n<h1 class=\"title\">projets en cours<\/h1>\n<h2 class=\"sub-title\">Sommaire des projets en cours parrain\u00e9s par ESUMA<\/h2>\n<div class=\"line\">\n<div class=\"out\"><\/div>\n<div class=\"in\"><\/div>\n<\/div>\n<p><a href=\"https:\/\/ongoingprojects.esuma.ca\/fr\/ongoing-projects\/\">VOIR TOUT<\/a><\/p>\n<\/div>\n<\/div>\n<\/div>\n<\/div>\n<div class=\"content start_project\">\n<h2>Vous souhaitez d\u00e9marrer un projet :<\/h2>\n<p>Vous vous engagez \u00e0 soutenir la pers\u00e9v\u00e9rance scolaire au Nunavik ?<\/p>\n<p>Avez-vous un projet qui encouragera les jeunes \u00e0 poursuivre leur scolarit\u00e9 ?<\/p>\n<p>\u00cates-vous pr\u00eat et capable d&rsquo;apporter votre soutien ?<\/p>\n<p>Si vous avez r\u00e9pondu oui \u00e0 toutes ces questions, le Fonds ESUMA est l\u00e0 pour vous aider \u00e0 financer votre projet !<\/p>\n<\/div>\n<div class=\"content start_project\">\n<h2>Financement de projets ESUMA :<\/h2>\n<ul>\n<li>Quels types de projets sont encourag\u00e9s ?<\/li>\n<li>Qui peut soumettre une demande de financement ?<\/li>\n<li>Quel est le niveau de financement disponible ?<\/li>\n<li>Quelle est la date limite pour soumettre une demande de financement ?<\/li>\n<\/ul>\n<\/div>\n<\/div>\n<div class=\"content list-projects\">\n<h2>Projets en cours<\/h2>\n<div class=\"item\">\n<div><img loading=\"lazy\" decoding=\"async\" class=\"alignnone size-full\" src=\"https:\/\/esuma.ca\/wp-content\/uploads\/2022\/02\/Image1.png\" alt=\"\" width=\"186\" height=\"73\" \/><\/div>\n<div>\n<p>Projet: Nunavik Community Empowerment Program  (NCEP)<br \/>\nOrganisation: ESUMA + Exeko<br \/>\nDates: En cours<br \/>\nPour plus d\u2019information: <a href=\"https:\/\/exeko.org\/fr\/a-propos\" target=\"_blank\" rel=\"noopener\">https:\/\/exeko.org\/fr\/a-propos <\/a><\/p>\n<\/div>\n<\/div>\n<div class=\"item\">\n<div><img loading=\"lazy\" decoding=\"async\" class=\"alignnone size-full\" src=\"https:\/\/esuma.ca\/wp-content\/uploads\/2022\/02\/Image2.png\" alt=\"\" width=\"167\" height=\"133\" \/><\/div>\n<div>\n<p>Projet: Camp estival d\u2019alphab\u00e9tisation<br \/>\nOrganisation: Coll\u00e8ge Fronti\u00e8re<br \/>\nLieu: Kuujjuarapik et Salluit<br \/>\nDates: Summer 2021<br \/>\nPour plus d\u2019information: <a href=\"https:\/\/www.facebook.com\/collegefrontiereinuitnunangat\/photos\/a.1863543883872922\/3383402318553730\" target=\"_blank\" rel=\"noopener\">https:\/\/www.facebook.com\/collegefrontiereinuitnunangat\/photos\/a.1863543883872922\/3383402318553730<\/a><\/p>\n<\/div>\n<\/div>\n<div class=\"item\">\n<div><img loading=\"lazy\" decoding=\"async\" class=\"alignnone size-full\" src=\"https:\/\/esuma.ca\/wp-content\/uploads\/2022\/02\/Image3.png\" alt=\"\" width=\"161\" height=\"91\" \/><\/div>\n<div>\n<p>Projet: Campagne Rentr\u00e9e scolaire du Nunavik\u00a02021<br \/>\nOrganisation: ESUMA + Tact Communications<br \/>\nDates: Juin\u00a02021 \u2013 30\u00a0sept.\u00a02021<br \/>\nPour plus d\u2019information: <a href=\"https:\/\/www.facebook.com\/esuma2022\/videos\/2924034597813732\" target=\"_blank\" rel=\"noopener\">https:\/\/www.facebook.com\/esuma2022\/videos\/2924034597813732<\/a><\/p>\n<\/div>\n<\/div>\n<div class=\"item\">\n<div><img loading=\"lazy\" decoding=\"async\" class=\"alignnone size-full\" src=\"https:\/\/esuma.ca\/wp-content\/uploads\/2022\/02\/Image4.png\" alt=\"\" width=\"119\" height=\"107\" \/><\/div>\n<div>\n<p>Projet: Hockey coll\u00e9gial Naturaliit\u00a02020-2021<br \/>\nOrganisation: Danny Fafard<br \/>\nDates: Automne 2021 \u00e0 automne 2022<br \/>\nPour plus d\u2019information: <a href=\"https:\/\/www.facebook.com\/cjenunavik\/photos\/a.409910445715228\/5060256587347234\" target=\"_blank\" rel=\"noopener\">https:\/\/www.facebook.com\/cjenunavik\/photos\/a.409910445715228\/5060256587347234<\/a><\/p>\n<\/div>\n<\/div>\n<div class=\"item\">\n<div><img loading=\"lazy\" decoding=\"async\" class=\"alignnone size-full\" src=\"https:\/\/esuma.ca\/wp-content\/uploads\/2022\/02\/Image5.png\" alt=\"\" width=\"161\" height=\"90\" \/><\/div>\n<div>\n<p>Projet: Ikaartuit \u2013 Exp\u00e9dition en kayak<br \/>\nOrganisation: Nurrait<br \/>\nDates: \u00c9t\u00e9\u00a02021<br \/>\nPour plus d\u2019information: <a href=\"http:\/\/www.nurraitjeuneskaribus.com\/ikaartuit---fra.html\" target=\"_blank\" rel=\"noopener\">http:\/\/www.nurraitjeuneskaribus.com\/ikaartuit&#8212;fra.html<\/a><\/p>\n<\/div>\n<\/div>\n<div class=\"item\">\n<div><img loading=\"lazy\" decoding=\"async\" class=\"alignnone size-full\" src=\"https:\/\/esuma.ca\/wp-content\/uploads\/2022\/02\/Image6.png\" alt=\"\" width=\"184\" height=\"109\" \/><\/div>\n<div>\n<p>Projet: Ikaartuit \u2013 Construction de cabane<br \/>\nOrganisation: Nurrait<br \/>\nDates: \u00c9t\u00e9\u00a02021<br \/>\nPour plus d\u2019information: <a href=\"https:\/\/nunatsiaq.com\/stories\/article\/nunavik-outdoor-adventure-group-expands-focus-during-pandemic\/\" target=\"_blank\" rel=\"noopener\">https:\/\/nunatsiaq.com\/stories\/article\/nunavik-outdoor-adventure-group-expands-focus-during-pandemic\/<\/a><\/p>\n<\/div>\n<\/div>\n<div class=\"item\">\n<div><img loading=\"lazy\" decoding=\"async\" class=\"alignnone size-full\" src=\"https:\/\/esuma.ca\/wp-content\/uploads\/2022\/02\/Image7.png\" alt=\"\" width=\"170\" height=\"118\" \/><\/div>\n<div>\n<p>Projet: Exploration de carri\u00e8res \u2013 Aviation<br \/>\nOrganisation: CJE Nunavik<br \/>\nDates: \u00c9t\u00e9\u00a02021<br \/>\nPour plus d\u2019information: <a href=\"https:\/\/www.facebook.com\/cjenunavik\/photos\/a.409910445715228\/4505060529533512\/\" target=\"_blank\" rel=\"noopener\">https:\/\/www.facebook.com\/cjenunavik\/photos\/a.409910445715228\/4505060529533512\/<\/a><\/p>\n<\/div>\n<\/div>\n<div class=\"item\">\n<div><img loading=\"lazy\" decoding=\"async\" class=\"alignnone size-full\" src=\"https:\/\/esuma.ca\/wp-content\/uploads\/2022\/02\/Image8.png\" alt=\"\" width=\"189\" height=\"110\" \/><\/div>\n<div>\n<p>Projet: CJE \u2013 Parcs \u00e0 explorer<br \/>\nOrganisation: CJE Nunavik<br \/>\nDates: \u00c9t\u00e9\u00a02021<br \/>\nPour plus d\u2019information: <a href=\"https:\/\/www.facebook.com\/esuma2022\/photos\/a.1740810426151215\/3022095414689370\/\" target=\"_blank\" rel=\"noopener\">https:\/\/www.facebook.com\/esuma2022\/photos\/a.1740810426151215\/3022095414689370\/<\/a><\/p>\n<\/div>\n<\/div>\n<div class=\"item\">\n<div><img loading=\"lazy\" decoding=\"async\" class=\"alignnone size-full\" src=\"https:\/\/esuma.ca\/wp-content\/uploads\/2022\/02\/Image9.jpg\" alt=\"\" width=\"256\" height=\"43\" \/><\/div>\n<div>\n<p>Projet: Campagne Rentr\u00e9e scolaire du Nunavik\u00a02020<br \/>\nOrganisation: ESUMA + Tact Communications<br \/>\nDates: Juin\u00a02020 \u2013 30\u00a0sept.\u00a02020<br \/>\nPour plus d\u2019information: <a href=\"https:\/\/www.facebook.com\/esuma2020\" target=\"_blank\" rel=\"noopener\">www.facebook.com\/esuma2020<\/a><\/p>\n<\/div>\n<\/div>\n<div class=\"item\">\n<div><a href=\"https:\/\/esuma.ca\/wp-content\/uploads\/2021\/02\/Image1.png\"><img loading=\"lazy\" decoding=\"async\" class=\"alignnone wp-image-909 size-full\" src=\"https:\/\/esuma.ca\/wp-content\/uploads\/2021\/02\/Image1.png\" alt=\"\" width=\"90\" height=\"40\" \/><\/a><\/div>\n<div>\n<p>Projet: Journ\u00e9es de la pers\u00e9v\u00e9rance scolaire\u00a02021<br \/>\nOrganisation: ESUMA + communications Tact<br \/>\nDates: 15\u00a0f\u00e9vrier\u00a02021 au 19\u00a0f\u00e9vrier\u00a02021<br \/>\nPour plus d\u2019information: <a href=\"http:\/\/www.facebook.com\/esuma2020\" target=\"_blank\" rel=\"noopener noreferrer\">www.facebook.com\/esuma2020<\/a><\/p>\n<\/div>\n<\/div>\n<div class=\"item\">\n<div><a href=\"https:\/\/esuma.ca\/wp-content\/uploads\/2021\/02\/Image2.png\"><img loading=\"lazy\" decoding=\"async\" class=\"alignnone wp-image-910 size-full\" src=\"https:\/\/esuma.ca\/wp-content\/uploads\/2021\/02\/Image2.png\" alt=\"\" width=\"90\" height=\"18\" \/><\/a><\/div>\n<div>\n<p>Projet: Projet Accessibilit\u00e9 aux livres<br \/>\nOrganisation: Kativik Ilisarniliriniq \u2014 Pitakallak<br \/>\nDates: 31\u00a0octobre\u00a02020 au 31\u00a0mai\u00a02021<br \/>\nPour plus d\u2019information: <a href=\"mailto:ellenl@kativik.qc.ca\">ellenl@kativik.qc.ca<\/a> \/ <a href=\"tel:8199642654\">819-964-2654<\/a><\/p>\n<\/div>\n<\/div>\n<div class=\"item\">\n<div><a href=\"https:\/\/esuma.ca\/wp-content\/uploads\/2021\/02\/Image3.png\"><img loading=\"lazy\" decoding=\"async\" class=\"alignnone wp-image-911 size-full\" src=\"https:\/\/esuma.ca\/wp-content\/uploads\/2021\/02\/Image3.png\" alt=\"\" width=\"87\" height=\"106\" \/><\/a><\/div>\n<div>\n<p>Projet: Biblioth\u00e8que mobile Salluit<br \/>\nOrganisation: Coll\u00e8ge Fronti\u00e8re<br \/>\nDates: 4\u00a0janvier\u00a02021 au 31\u00a0mai\u00a02021<br \/>\nPour plus d\u2019information: <a href=\"https:\/\/www.facebook.com\/Salluit-Mobile-Library-Lets-Read-100732408547150\/\" target=\"_blank\" rel=\"noopener noreferrer\">https:\/\/www.facebook.com\/Salluit-Mobile-Library-Lets-Read-100732408547150\/<\/a><\/p>\n<\/div>\n<\/div>\n<div class=\"item\">\n<div><img loading=\"lazy\" decoding=\"async\" class=\"alignnone size-full wp-image-813\" src=\"https:\/\/esuma.ca\/wp-content\/uploads\/2020\/10\/ESUMA-FUNDED-PROJECTS-_htm_92dc3df1322e1f12.gif\" alt=\"\" width=\"90\" height=\"42\" \/><\/div>\n<div>\n<p>Projet: Programme Tuttuit et Ikaartuit<br \/>\nOrganisation: Nurrait | Jeunes Karibus<br \/>\nDates: 1er\u00a0septembre\u00a02020 au 30\u00a0mai\u00a02021<br \/>\nPour plus d\u2019information: <a href=\"https:\/\/www.nurraitjeuneskaribus.com\" target=\"_blank\" rel=\"noopener noreferrer\">www.nurraitjeuneskaribus.com<\/a><\/p>\n<\/div>\n<\/div>\n<div class=\"item\">\n<div><a href=\"https:\/\/esuma.ca\/wp-content\/uploads\/2021\/02\/Image5.png\"><img loading=\"lazy\" decoding=\"async\" class=\"alignnone wp-image-912 size-full\" src=\"https:\/\/esuma.ca\/wp-content\/uploads\/2021\/02\/Image5.png\" alt=\"\" width=\"90\" height=\"35\" \/><\/a><\/div>\n<div>\n<p>Projet: Studio d\u2019enregistrement<br \/>\nOrganisation: Youth Fusion<br \/>\nDates: En cours<br \/>\nPour plus d\u2019information: <a href=\"https:\/\/www.facebook.com\/groups\/232663197816162\" target=\"_blank\" rel=\"noopener noreferrer\">https:\/\/www.facebook.com\/groups\/232663197816162<\/a><\/p>\n<\/div>\n<\/div>\n<\/div>\n<\/div>\n<p><\/p>","protected":false},"excerpt":{"rendered":"<p>projets en cours Sommaire des projets en cours parrain\u00e9s par ESUMA VOIR TOUT Vous souhaitez d\u00e9marrer un projet : Vous vous engagez \u00e0 soutenir la pers\u00e9v\u00e9rance scolaire au Nunavik ? Avez-vous un projet qui encouragera les jeunes \u00e0 poursuivre leur scolarit\u00e9 ? \u00cates-vous pr\u00eat et capable d&rsquo;apporter votre soutien ? Si vous avez r\u00e9pondu oui [&hellip;]<\/p>\n","protected":false},"author":3,"featured_media":0,"parent":0,"menu_order":2,"comment_status":"open","ping_status":"closed","template":"","meta":{"_et_pb_use_builder":"","_et_pb_old_content":"","_et_gb_content_width":"","footnotes":""},"class_list":["post-346","page","type-page","status-publish","hentry"],"yoast_head":"<!-- This site is optimized with the Yoast SEO plugin v27.3 - https:\/\/yoast.com\/product\/yoast-seo-wordpress\/ -->\n<title>Projets en cours - ESUMA<\/title>\n<meta name=\"robots\" content=\"index, follow, max-snippet:-1, max-image-preview:large, max-video-preview:-1\" \/>\n<link rel=\"canonical\" href=\"https:\/\/esuma.ca\/ongoing-projects\/\" \/>\n<meta property=\"og:locale\" content=\"fr_FR\" \/>\n<meta property=\"og:type\" content=\"article\" \/>\n<meta property=\"og:title\" content=\"Projets en cours - ESUMA\" \/>\n<meta property=\"og:description\" content=\"projets en cours Sommaire des projets en cours parrain\u00e9s par ESUMA VOIR TOUT Vous souhaitez d\u00e9marrer un projet : Vous vous engagez \u00e0 soutenir la pers\u00e9v\u00e9rance scolaire au Nunavik ? Avez-vous un projet qui encouragera les jeunes \u00e0 poursuivre leur scolarit\u00e9 ? \u00cates-vous pr\u00eat et capable d&rsquo;apporter votre soutien ? Si vous avez r\u00e9pondu oui [&hellip;]\" \/>\n<meta property=\"og:url\" content=\"https:\/\/esuma.ca\/ongoing-projects\/\" \/>\n<meta property=\"og:site_name\" content=\"ESUMA\" \/>\n<meta property=\"article:modified_time\" content=\"2022-02-16T16:05:14+00:00\" \/>\n<meta property=\"og:image\" content=\"https:\/\/esuma.ca\/wp-content\/uploads\/2022\/02\/Image1.png\" \/>\n<meta name=\"twitter:card\" content=\"summary_large_image\" \/>\n<meta name=\"twitter:label1\" content=\"Dur\u00e9e de lecture estim\u00e9e\" \/>\n\t<meta name=\"twitter:data1\" content=\"11 minutes\" \/>\n<script type=\"application\/ld+json\" class=\"yoast-schema-graph\">{\"@context\":\"https:\\\/\\\/schema.org\",\"@graph\":[{\"@type\":\"WebPage\",\"@id\":\"https:\\\/\\\/esuma.ca\\\/ongoing-projects\\\/\",\"url\":\"https:\\\/\\\/esuma.ca\\\/ongoing-projects\\\/\",\"name\":\"Projets en cours - ESUMA\",\"isPartOf\":{\"@id\":\"https:\\\/\\\/esuma.ca\\\/#website\"},\"primaryImageOfPage\":{\"@id\":\"https:\\\/\\\/esuma.ca\\\/ongoing-projects\\\/#primaryimage\"},\"image\":{\"@id\":\"https:\\\/\\\/esuma.ca\\\/ongoing-projects\\\/#primaryimage\"},\"thumbnailUrl\":\"https:\\\/\\\/esuma.ca\\\/wp-content\\\/uploads\\\/2022\\\/02\\\/Image1.png\",\"datePublished\":\"2015-02-13T10:26:39+00:00\",\"dateModified\":\"2022-02-16T16:05:14+00:00\",\"breadcrumb\":{\"@id\":\"https:\\\/\\\/esuma.ca\\\/ongoing-projects\\\/#breadcrumb\"},\"inLanguage\":\"fr-FR\",\"potentialAction\":[{\"@type\":\"ReadAction\",\"target\":[\"https:\\\/\\\/esuma.ca\\\/ongoing-projects\\\/\"]}]},{\"@type\":\"ImageObject\",\"inLanguage\":\"fr-FR\",\"@id\":\"https:\\\/\\\/esuma.ca\\\/ongoing-projects\\\/#primaryimage\",\"url\":\"https:\\\/\\\/esuma.ca\\\/wp-content\\\/uploads\\\/2022\\\/02\\\/Image1.png\",\"contentUrl\":\"https:\\\/\\\/esuma.ca\\\/wp-content\\\/uploads\\\/2022\\\/02\\\/Image1.png\"},{\"@type\":\"BreadcrumbList\",\"@id\":\"https:\\\/\\\/esuma.ca\\\/ongoing-projects\\\/#breadcrumb\",\"itemListElement\":[{\"@type\":\"ListItem\",\"position\":1,\"name\":\"Home\",\"item\":\"https:\\\/\\\/esuma.ca\\\/\"},{\"@type\":\"ListItem\",\"position\":2,\"name\":\"Ongoing Projects\"}]},{\"@type\":\"WebSite\",\"@id\":\"https:\\\/\\\/esuma.ca\\\/#website\",\"url\":\"https:\\\/\\\/esuma.ca\\\/\",\"name\":\"ESUMA\",\"description\":\"Thinking around education\",\"potentialAction\":[{\"@type\":\"SearchAction\",\"target\":{\"@type\":\"EntryPoint\",\"urlTemplate\":\"https:\\\/\\\/esuma.ca\\\/?s={search_term_string}\"},\"query-input\":{\"@type\":\"PropertyValueSpecification\",\"valueRequired\":true,\"valueName\":\"search_term_string\"}}],\"inLanguage\":\"fr-FR\"}]}<\/script>\n<!-- \/ Yoast SEO plugin. -->","yoast_head_json":{"title":"Projets en cours - ESUMA","robots":{"index":"index","follow":"follow","max-snippet":"max-snippet:-1","max-image-preview":"max-image-preview:large","max-video-preview":"max-video-preview:-1"},"canonical":"https:\/\/esuma.ca\/ongoing-projects\/","og_locale":"fr_FR","og_type":"article","og_title":"Projets en cours - ESUMA","og_description":"projets en cours Sommaire des projets en cours parrain\u00e9s par ESUMA VOIR TOUT Vous souhaitez d\u00e9marrer un projet : Vous vous engagez \u00e0 soutenir la pers\u00e9v\u00e9rance scolaire au Nunavik ? Avez-vous un projet qui encouragera les jeunes \u00e0 poursuivre leur scolarit\u00e9 ? \u00cates-vous pr\u00eat et capable d&rsquo;apporter votre soutien ? Si vous avez r\u00e9pondu oui [&hellip;]","og_url":"https:\/\/esuma.ca\/ongoing-projects\/","og_site_name":"ESUMA","article_modified_time":"2022-02-16T16:05:14+00:00","og_image":[{"url":"https:\/\/esuma.ca\/wp-content\/uploads\/2022\/02\/Image1.png","type":"","width":"","height":""}],"twitter_card":"summary_large_image","twitter_misc":{"Dur\u00e9e de lecture estim\u00e9e":"11 minutes"},"schema":{"@context":"https:\/\/schema.org","@graph":[{"@type":"WebPage","@id":"https:\/\/esuma.ca\/ongoing-projects\/","url":"https:\/\/esuma.ca\/ongoing-projects\/","name":"Projets en cours - ESUMA","isPartOf":{"@id":"https:\/\/esuma.ca\/#website"},"primaryImageOfPage":{"@id":"https:\/\/esuma.ca\/ongoing-projects\/#primaryimage"},"image":{"@id":"https:\/\/esuma.ca\/ongoing-projects\/#primaryimage"},"thumbnailUrl":"https:\/\/esuma.ca\/wp-content\/uploads\/2022\/02\/Image1.png","datePublished":"2015-02-13T10:26:39+00:00","dateModified":"2022-02-16T16:05:14+00:00","breadcrumb":{"@id":"https:\/\/esuma.ca\/ongoing-projects\/#breadcrumb"},"inLanguage":"fr-FR","potentialAction":[{"@type":"ReadAction","target":["https:\/\/esuma.ca\/ongoing-projects\/"]}]},{"@type":"ImageObject","inLanguage":"fr-FR","@id":"https:\/\/esuma.ca\/ongoing-projects\/#primaryimage","url":"https:\/\/esuma.ca\/wp-content\/uploads\/2022\/02\/Image1.png","contentUrl":"https:\/\/esuma.ca\/wp-content\/uploads\/2022\/02\/Image1.png"},{"@type":"BreadcrumbList","@id":"https:\/\/esuma.ca\/ongoing-projects\/#breadcrumb","itemListElement":[{"@type":"ListItem","position":1,"name":"Home","item":"https:\/\/esuma.ca\/"},{"@type":"ListItem","position":2,"name":"Ongoing Projects"}]},{"@type":"WebSite","@id":"https:\/\/esuma.ca\/#website","url":"https:\/\/esuma.ca\/","name":"ESUMA","description":"Thinking around education","potentialAction":[{"@type":"SearchAction","target":{"@type":"EntryPoint","urlTemplate":"https:\/\/esuma.ca\/?s={search_term_string}"},"query-input":{"@type":"PropertyValueSpecification","valueRequired":true,"valueName":"search_term_string"}}],"inLanguage":"fr-FR"}]}},"_links":{"self":[{"href":"https:\/\/esuma.ca\/fr\/wp-json\/wp\/v2\/pages\/346","targetHints":{"allow":["GET"]}}],"collection":[{"href":"https:\/\/esuma.ca\/fr\/wp-json\/wp\/v2\/pages"}],"about":[{"href":"https:\/\/esuma.ca\/fr\/wp-json\/wp\/v2\/types\/page"}],"author":[{"embeddable":true,"href":"https:\/\/esuma.ca\/fr\/wp-json\/wp\/v2\/users\/3"}],"replies":[{"embeddable":true,"href":"https:\/\/esuma.ca\/fr\/wp-json\/wp\/v2\/comments?post=346"}],"version-history":[{"count":5,"href":"https:\/\/esuma.ca\/fr\/wp-json\/wp\/v2\/pages\/346\/revisions"}],"predecessor-version":[{"id":1140,"href":"https:\/\/esuma.ca\/fr\/wp-json\/wp\/v2\/pages\/346\/revisions\/1140"}],"wp:attachment":[{"href":"https:\/\/esuma.ca\/fr\/wp-json\/wp\/v2\/media?parent=346"}],"curies":[{"name":"wp","href":"https:\/\/api.w.org\/{rel}","templated":true}]}}